{"id":1637,"date":"2023-05-01T19:24:23","date_gmt":"2023-05-01T19:24:23","guid":{"rendered":"https:\/\/aemoda.com\/nueva\/auditores-jaen\/"},"modified":"2023-12-18T09:51:33","modified_gmt":"2023-12-18T09:51:33","slug":"auditores-jaen","status":"publish","type":"page","link":"https:\/\/aemoda.com\/en\/auditores-jaen\/","title":{"rendered":"AUDITORES JA\u00c9N"},"content":{"rendered":"<p>[et_pb_section fb_built=&#8221;1&#8243; use_custom_gutter=&#8221;on&#8221; gutter_width=&#8221;4&#8243; specialty=&#8221;on&#8221; padding_top_1=&#8221;80px&#8221; padding_1_tablet=&#8221;0px|||&#8221; padding_1_phone=&#8221;&#8221; padding_1_last_edited=&#8221;on|tablet&#8221; admin_label=&#8221;Hero&#8221; _builder_version=&#8221;4.20.4&#8243; background_color=&#8221;#003bde&#8221; use_background_color_gradient=&#8221;on&#8221; background_color_gradient_direction=&#8221;160deg&#8221; background_color_gradient_stops=&#8221;#003bde 0%|#58d0ff 100%&#8221; background_color_gradient_start=&#8221;#003bde&#8221; background_color_gradient_end=&#8221;#58d0ff&#8221; custom_margin=&#8221;||0px|&#8221; custom_padding=&#8221;54px|0px|10%|0px|false|false&#8221; bottom_divider_style=&#8221;asymmetric&#8221; bottom_divider_color=&#8221;#ffffff&#8221; bottom_divider_height_tablet=&#8221;&#8221; bottom_divider_height_phone=&#8221;&#8221; bottom_divider_height_last_edited=&#8221;on|phone&#8221; global_colors_info=&#8221;{}&#8221;][et_pb_column type=&#8221;1_2&#8243; _builder_version=&#8221;4.16&#8243; custom_padding=&#8221;|||&#8221; global_colors_info=&#8221;{}&#8221; padding_tablet=&#8221;0px|||&#8221; padding_last_edited=&#8221;on|tablet&#8221; custom_padding__hover=&#8221;|||&#8221; padding_phone=&#8221;0px|||&#8221;][et_pb_text _builder_version=&#8221;4.20.4&#8243; text_font=&#8221;||||||||&#8221; text_font_size=&#8221;20px&#8221; text_line_height=&#8221;1.8em&#8221; header_font=&#8221;Bitter||||||||&#8221; header_font_size=&#8221;60px&#8221; header_line_height=&#8221;1.3em&#8221; width=&#8221;100%&#8221; custom_margin=&#8221;|19px|60px|||&#8221; custom_padding=&#8221;0px|||||&#8221; text_font_size_tablet=&#8221;&#8221; text_font_size_phone=&#8221;14px&#8221; text_font_size_last_edited=&#8221;on|desktop&#8221; header_font_size_tablet=&#8221;50px&#8221; header_font_size_phone=&#8221;30px&#8221; header_font_size_last_edited=&#8221;on|phone&#8221; global_colors_info=&#8221;{}&#8221;]<\/p>\n<h1><span style=\"color: #ffffff;\">AUDITORES JA\u00c9N <\/span><\/h1>\n<p><span style=\"color: #ffffff;\"><strong>Founded in 2004 by Domingo Moya Puertas, economist-auditor, Auditores Ja\u00e9n is a firm of audit<\/strong> and consulting services to companies registered in the Official Register of Auditors (ROAC No. S-1623) and in the Association of Economists of Ja\u00e9n.<\/span><\/p>\n<p><span style=\"color: #ffffff;\">The founding partners have extensive experience in the profession. They have not only carried out auditing and advisory activities but have also taught at the universities of Granada and Ja\u00e9n for more than 20 years.<\/span><\/p>\n<p><span style=\"color: #ffffff;\">Our firm&#8217;s goal is to provide the highest quality service that meets all of our clients&#8217; expectations. We pursue your satisfaction by offering a close and direct treatment and by committing ourselves and getting actively involved with your business. Their problems are our problems. Your success, our success.<\/span><\/p>\n<p><span style=\"color: #ffffff;\">The <strong>values<\/strong> that are being developed in the firm are:<\/span><\/p>\n<ul>\n<li><span style=\"color: #ffffff;\"><strong>Commitment<\/strong>: Closed budgets and specific dates.<\/span><\/li>\n<li><span style=\"color: #ffffff;\"><strong>Quality and reliability:<\/strong> We have developed our quality plan in compliance with ICAC regulations and our work is reviewed by other auditors.<\/span><\/li>\n<li><span style=\"color: #ffffff;\"><strong>Confidentiality<\/strong>: We guarantee maximum discretion as required by our code of ethics and our own ethics.<\/span><\/li>\n<li><span style=\"color: #ffffff;\"><strong>Professionalism<\/strong>: Faced with a competitive and dynamic environment, the firm&#8217;s personnel undergo continuous and permanent training.<\/span><\/li>\n<\/ul>\n<p><span style=\"color: #ffffff;\">Specialized in companies of the olive sector with companies, cooperatives and S.A.T. of the whole province and even Andalusia.<\/span><\/p>\n<p>[\/et_pb_text][\/et_pb_column][et_pb_column type=&#8221;1_2&#8243; specialty_columns=&#8221;2&#8243; _builder_version=&#8221;4.16&#8243; custom_padding=&#8221;|||&#8221; global_colors_info=&#8221;{}&#8221; custom_padding__hover=&#8221;|||&#8221;][et_pb_row_inner _builder_version=&#8221;4.16&#8243; background_color=&#8221;#ffffff&#8221; custom_margin=&#8221;71px|||||&#8221; custom_padding=&#8221;97px|40px|97px|40px|true|true&#8221; animation_style=&#8221;zoom&#8221; animation_intensity_zoom=&#8221;-5%&#8221; animation_speed_curve=&#8221;ease-in&#8221; border_radii=&#8221;on|10px|10px|10px|10px&#8221; box_shadow_style=&#8221;preset3&#8243; box_shadow_vertical=&#8221;10px&#8221; box_shadow_blur=&#8221;80px&#8221; box_shadow_spread=&#8221;-10px&#8221; box_shadow_color=&#8221;rgba(44,54,92,0.2)&#8221; global_colors_info=&#8221;{}&#8221;][et_pb_column_inner saved_specialty_column_type=&#8221;1_2&#8243; _builder_version=&#8221;4.16&#8243; custom_padding=&#8221;|||&#8221; global_colors_info=&#8221;{}&#8221; custom_padding__hover=&#8221;|||&#8221;][et_pb_image src=&#8221;https:\/\/aemoda.com\/wp-content\/uploads\/2023\/04\/Logo-auditores-jaen.jpg&#8221; title_text=&#8221;Logo-auditores-jaen&#8221; align=&#8221;center&#8221; _builder_version=&#8221;4.20.4&#8243; _module_preset=&#8221;default&#8221; global_colors_info=&#8221;{}&#8221;][\/et_pb_image][et_pb_blurb title=&#8221;web&#8221; use_icon=&#8221;on&#8221; font_icon=&#8221;&#xe07e;||divi||400&#8243; icon_color=&#8221;#ffffff&#8221; image_icon_background_color=&#8221;#003bde&#8221; icon_placement=&#8221;left&#8221; image_icon_width=&#8221;16px&#8221; content_max_width=&#8221;1100px&#8221; _builder_version=&#8221;4.20.4&#8243; header_font=&#8221;|||on|||||&#8221; header_font_size=&#8221;14px&#8221; header_letter_spacing=&#8221;1px&#8221; header_line_height=&#8221;1.2em&#8221; body_font=&#8221;Montserrat|300|||||||&#8221; background_color=&#8221;#ffffff&#8221; image_icon_custom_padding=&#8221;8px|8px|8px|8px|false|false&#8221; text_orientation=&#8221;center&#8221; custom_margin=&#8221;||0px|&#8221; custom_padding=&#8221;30px|30px|30px|30px|true|true&#8221; animation=&#8221;off&#8221; border_radii=&#8221;|10px|10px||&#8221; border_radii_image=&#8221;on|100%|100%|100%|100%&#8221; use_circle=&#8221;on&#8221; circle_color=&#8221;#003bde&#8221; locked=&#8221;off&#8221; global_colors_info=&#8221;{}&#8221; image_icon_background_color__sticky_enabled=&#8221;#7EBEC5&#8243; image_icon_background_color__sticky=&#8221;#7EBEC5&#8243;]<\/p>\n<p><a href=\"http:\/\/www.auditoresjaen.com\/\">http:\/\/www.auditoresjaen.com\/<\/a> <\/p>\n<p>[\/et_pb_blurb][et_pb_blurb title=&#8221;Email&#8221; use_icon=&#8221;on&#8221; font_icon=&#8221;&#xe076;||divi||400&#8243; icon_color=&#8221;#ffffff&#8221; image_icon_background_color=&#8221;#003bde&#8221; icon_placement=&#8221;left&#8221; image_icon_width=&#8221;16px&#8221; content_max_width=&#8221;1100px&#8221; _builder_version=&#8221;4.20.4&#8243; header_font=&#8221;|||on|||||&#8221; header_font_size=&#8221;14px&#8221; header_letter_spacing=&#8221;1px&#8221; header_line_height=&#8221;1.2em&#8221; body_font=&#8221;Montserrat|300|||||||&#8221; background_color=&#8221;#ffffff&#8221; image_icon_custom_padding=&#8221;8px|8px|8px|8px|false|false&#8221; text_orientation=&#8221;center&#8221; custom_margin=&#8221;||0px|&#8221; custom_padding=&#8221;30px|30px|30px|30px|true|true&#8221; animation=&#8221;off&#8221; border_radii=&#8221;|10px|10px||&#8221; border_radii_image=&#8221;on|100%|100%|100%|100%&#8221; use_circle=&#8221;on&#8221; circle_color=&#8221;#003bde&#8221; locked=&#8221;off&#8221; global_colors_info=&#8221;{}&#8221; image_icon_background_color__sticky_enabled=&#8221;#7EBEC5&#8243; image_icon_background_color__sticky=&#8221;#7EBEC5&#8243;]<\/p>\n<p><a href=\"mailto:info@auditoresjaen.com\">info@auditoresjaen.com<\/a> <\/p>\n<p>[\/et_pb_blurb][et_pb_blurb title=&#8221;PHONE&#8221; use_icon=&#8221;on&#8221; font_icon=&#8221;&#xe090;||divi||400&#8243; icon_color=&#8221;#ffffff&#8221; image_icon_background_color=&#8221;#003bde&#8221; icon_placement=&#8221;left&#8221; image_icon_width=&#8221;16px&#8221; content_max_width=&#8221;1100px&#8221; _builder_version=&#8221;4.16&#8243; header_font=&#8221;|||on|||||&#8221; header_font_size=&#8221;14px&#8221; header_letter_spacing=&#8221;1px&#8221; header_line_height=&#8221;1.2em&#8221; body_font=&#8221;Montserrat|300|||||||&#8221; background_color=&#8221;#ffffff&#8221; image_icon_custom_padding=&#8221;8px|8px|8px|8px|false|false&#8221; text_orientation=&#8221;center&#8221; custom_margin=&#8221;||0px|&#8221; custom_padding=&#8221;30px|30px|30px|30px|true|true&#8221; animation=&#8221;off&#8221; border_radii_image=&#8221;on|100%|100%|100%|100%&#8221; use_circle=&#8221;on&#8221; circle_color=&#8221;#003bde&#8221; locked=&#8221;off&#8221; global_colors_info=&#8221;{}&#8221; image_icon_background_color__sticky_enabled=&#8221;#7EBEC5&#8243; image_icon_background_color__sticky=&#8221;#7EBEC5&#8243;]<\/p>\n<p><span>953221897<\/span><\/p>\n<p>[\/et_pb_blurb][et_pb_blurb title=&#8221;ADDRESS&#8221; use_icon=&#8221;on&#8221; font_icon=&#8221;&#xe081;||divi||400&#8243; icon_color=&#8221;#ffffff&#8221; image_icon_background_color=&#8221;#003bde&#8221; icon_placement=&#8221;left&#8221; image_icon_width=&#8221;16px&#8221; content_max_width=&#8221;1100px&#8221; _builder_version=&#8221;4.16&#8243; header_font=&#8221;|||on|||||&#8221; header_font_size=&#8221;14px&#8221; header_letter_spacing=&#8221;1px&#8221; header_line_height=&#8221;1.2em&#8221; body_font=&#8221;Montserrat|300|||||||&#8221; background_color=&#8221;#ffffff&#8221; image_icon_custom_padding=&#8221;8px|8px|8px|8px|false|false&#8221; text_orientation=&#8221;center&#8221; custom_margin=&#8221;||0px|&#8221; custom_padding=&#8221;30px|30px|30px|30px|true|true&#8221; animation=&#8221;off&#8221; border_radii=&#8221;|||10px|10px&#8221; border_radii_image=&#8221;on|100%|100%|100%|100%&#8221; use_circle=&#8221;on&#8221; circle_color=&#8221;#003bde&#8221; locked=&#8221;off&#8221; global_colors_info=&#8221;{}&#8221; image_icon_background_color__sticky_enabled=&#8221;#7EBEC5&#8243; image_icon_background_color__sticky=&#8221;#7EBEC5&#8243;]<\/p>\n<p><span>Road Madrid, 9, local 2, 23009 Ja\u00e9n<\/span><\/p>\n<p>[\/et_pb_blurb][\/et_pb_column_inner][\/et_pb_row_inner][\/et_pb_column][\/et_pb_section][et_pb_section fb_built=&#8221;1&#8243; admin_label=&#8221;Map&#8221; _builder_version=&#8221;4.16&#8243; background_color=&#8221;rgba(0,0,0,0)&#8221; custom_padding=&#8221;0|0px||0px|false|false&#8221; global_colors_info=&#8221;{}&#8221;][et_pb_row _builder_version=&#8221;4.16&#8243; custom_margin=&#8221;-6%|||&#8221; custom_padding=&#8221;0|0px||0px|false|false&#8221; global_colors_info=&#8221;{}&#8221;][et_pb_column type=&#8221;4_4&#8243; _builder_version=&#8221;4.16&#8243; custom_padding=&#8221;|||&#8221; global_colors_info=&#8221;{}&#8221; custom_padding__hover=&#8221;|||&#8221;][et_pb_code _builder_version=&#8221;4.23.1&#8243; _module_preset=&#8221;default&#8221; hover_enabled=&#8221;0&#8243; sticky_enabled=&#8221;0&#8243;]<iframe src=\"https:\/\/www.google.com\/maps\/embed?pb=!1m18!1m12!1m3!1d3153.311288559086!2d-3.7838890999999997!3d37.782744!2m3!1f0!2f0!3f0!3m2!1i1024!2i768!4f13.1!3m3!1m2!1s0xd6dd7a9d4b0c4ff%3A0xc7cc1ce8a08af7c8!2sCarr.%20de%20Madrid%2C%209%2C%20local%202%2C%2023008%20Ja%C3%A9n!5e0!3m2!1ses!2ses!4v1702893050709!5m2!1ses!2ses\" width=\"100%\" height=\"450\" style=\"border:0;\" allowfullscreen=\"\" loading=\"lazy\" referrerpolicy=\"no-referrer-when-downgrade\"><\/iframe>[\/et_pb_code][et_pb_divider color=&#8221;#006ef4&#8243; divider_weight=&#8221;3px&#8221; _builder_version=&#8221;4.16&#8243; max_width=&#8221;100px&#8221; custom_margin=&#8221;||0px|&#8221; locked=&#8221;off&#8221; global_colors_info=&#8221;{}&#8221;][\/et_pb_divider][\/et_pb_column][\/et_pb_row][\/et_pb_section]<\/p>\n","protected":false},"excerpt":{"rendered":"<p>AUDITORES JA\u00c9N Founded in 2004 by Domingo Moya Puertas, economist-auditor, Auditores Ja\u00e9n is a firm of audit and consulting services to companies registered in the Official Register of Auditors (ROAC No. S-1623) and in the Association of Economists of Ja\u00e9n. The founding partners have extensive experience in the profession. They have not only carried out [&hellip;]<\/p>\n","protected":false},"author":1,"featured_media":0,"parent":0,"menu_order":0,"comment_status":"closed","ping_status":"closed","template":"","meta":{"_et_pb_use_builder":"on","_et_pb_old_content":"","_et_gb_content_width":"","ngg_post_thumbnail":0,"footnotes":""},"class_list":["post-1637","page","type-page","status-publish","hentry"],"yoast_head":"<!-- This site is optimized with the Yoast SEO plugin v23.1 - https:\/\/yoast.com\/wordpress\/plugins\/seo\/ -->\n<title>AUDITORES JA\u00c9N - AEMODA<\/title>\n<meta name=\"robots\" content=\"index, follow, max-snippet:-1, max-image-preview:large, max-video-preview:-1\" \/>\n<link rel=\"canonical\" href=\"https:\/\/aemoda.com\/en\/auditores-jaen\/\" \/>\n<meta property=\"og:locale\" content=\"en_US\" \/>\n<meta property=\"og:type\" content=\"article\" \/>\n<meta property=\"og:title\" content=\"AUDITORES JA\u00c9N - AEMODA\" \/>\n<meta property=\"og:description\" content=\"AUDITORES JA\u00c9N Founded in 2004 by Domingo Moya Puertas, economist-auditor, Auditores Ja\u00e9n is a firm of audit and consulting services to companies registered in the Official Register of Auditors (ROAC No. S-1623) and in the Association of Economists of Ja\u00e9n. The founding partners have extensive experience in the profession. They have not only carried out [&hellip;]\" \/>\n<meta property=\"og:url\" content=\"https:\/\/aemoda.com\/en\/auditores-jaen\/\" \/>\n<meta property=\"og:site_name\" content=\"AEMODA\" \/>\n<meta property=\"article:publisher\" content=\"https:\/\/www.facebook.com\/profile.php?id=100055135007306\" \/>\n<meta property=\"article:modified_time\" content=\"2023-12-18T09:51:33+00:00\" \/>\n<meta property=\"og:image\" content=\"https:\/\/aemoda.com\/wp-content\/uploads\/2023\/04\/cropped-emoticono.jpg\" \/>\n\t<meta property=\"og:image:width\" content=\"512\" \/>\n\t<meta property=\"og:image:height\" content=\"512\" \/>\n\t<meta property=\"og:image:type\" content=\"image\/jpeg\" \/>\n<meta name=\"twitter:card\" content=\"summary_large_image\" \/>\n<meta name=\"twitter:label1\" content=\"Est. reading time\" \/>\n\t<meta name=\"twitter:data1\" content=\"6 minutes\" \/>\n<script type=\"application\/ld+json\" class=\"yoast-schema-graph\">{\"@context\":\"https:\/\/schema.org\",\"@graph\":[{\"@type\":\"WebPage\",\"@id\":\"https:\/\/aemoda.com\/en\/auditores-jaen\/\",\"url\":\"https:\/\/aemoda.com\/en\/auditores-jaen\/\",\"name\":\"AUDITORES JA\u00c9N - AEMODA\",\"isPartOf\":{\"@id\":\"https:\/\/aemoda.com\/en\/#website\"},\"datePublished\":\"2023-05-01T19:24:23+00:00\",\"dateModified\":\"2023-12-18T09:51:33+00:00\",\"breadcrumb\":{\"@id\":\"https:\/\/aemoda.com\/en\/auditores-jaen\/#breadcrumb\"},\"inLanguage\":\"en-US\",\"potentialAction\":[{\"@type\":\"ReadAction\",\"target\":[\"https:\/\/aemoda.com\/en\/auditores-jaen\/\"]}]},{\"@type\":\"BreadcrumbList\",\"@id\":\"https:\/\/aemoda.com\/en\/auditores-jaen\/#breadcrumb\",\"itemListElement\":[{\"@type\":\"ListItem\",\"position\":1,\"name\":\"Portada\",\"item\":\"https:\/\/aemoda.com\/en\/home\/\"},{\"@type\":\"ListItem\",\"position\":2,\"name\":\"AUDITORES JA\u00c9N\"}]},{\"@type\":\"WebSite\",\"@id\":\"https:\/\/aemoda.com\/en\/#website\",\"url\":\"https:\/\/aemoda.com\/en\/\",\"name\":\"AEMODA\",\"description\":\"Asociaci\u00f3n Espa\u00f1ola de Maestros y Operarios de Almazara\",\"publisher\":{\"@id\":\"https:\/\/aemoda.com\/en\/#organization\"},\"alternateName\":\"Asociaci\u00f3n Espa\u00f1ola de Maestros y Operarios de Almazara\",\"potentialAction\":[{\"@type\":\"SearchAction\",\"target\":{\"@type\":\"EntryPoint\",\"urlTemplate\":\"https:\/\/aemoda.com\/en\/?s={search_term_string}\"},\"query-input\":\"required name=search_term_string\"}],\"inLanguage\":\"en-US\"},{\"@type\":\"Organization\",\"@id\":\"https:\/\/aemoda.com\/en\/#organization\",\"name\":\"AEMODA, Asociaci\u00f3n Espa\u00f1ola de Maestros y Operarios de Almazara\",\"alternateName\":\"Asociaci\u00f3n Espa\u00f1ola de Maestros y Operarios de Almazara\",\"url\":\"https:\/\/aemoda.com\/en\/\",\"logo\":{\"@type\":\"ImageObject\",\"inLanguage\":\"en-US\",\"@id\":\"https:\/\/aemoda.com\/en\/#\/schema\/logo\/image\/\",\"url\":\"https:\/\/aemoda.com\/wp-content\/uploads\/2023\/04\/logo_3-removebg-preview.png\",\"contentUrl\":\"https:\/\/aemoda.com\/wp-content\/uploads\/2023\/04\/logo_3-removebg-preview.png\",\"width\":816,\"height\":306,\"caption\":\"AEMODA, Asociaci\u00f3n Espa\u00f1ola de Maestros y Operarios de Almazara\"},\"image\":{\"@id\":\"https:\/\/aemoda.com\/en\/#\/schema\/logo\/image\/\"},\"sameAs\":[\"https:\/\/www.facebook.com\/profile.php?id=100055135007306\"]}]}<\/script>\n<!-- \/ Yoast SEO plugin. -->","yoast_head_json":{"title":"AUDITORES JA\u00c9N - AEMODA","robots":{"index":"index","follow":"follow","max-snippet":"max-snippet:-1","max-image-preview":"max-image-preview:large","max-video-preview":"max-video-preview:-1"},"canonical":"https:\/\/aemoda.com\/en\/auditores-jaen\/","og_locale":"en_US","og_type":"article","og_title":"AUDITORES JA\u00c9N - AEMODA","og_description":"AUDITORES JA\u00c9N Founded in 2004 by Domingo Moya Puertas, economist-auditor, Auditores Ja\u00e9n is a firm of audit and consulting services to companies registered in the Official Register of Auditors (ROAC No. S-1623) and in the Association of Economists of Ja\u00e9n. The founding partners have extensive experience in the profession. They have not only carried out [&hellip;]","og_url":"https:\/\/aemoda.com\/en\/auditores-jaen\/","og_site_name":"AEMODA","article_publisher":"https:\/\/www.facebook.com\/profile.php?id=100055135007306","article_modified_time":"2023-12-18T09:51:33+00:00","og_image":[{"width":512,"height":512,"url":"https:\/\/aemoda.com\/wp-content\/uploads\/2023\/04\/cropped-emoticono.jpg","type":"image\/jpeg"}],"twitter_card":"summary_large_image","twitter_misc":{"Est. reading time":"6 minutes"},"schema":{"@context":"https:\/\/schema.org","@graph":[{"@type":"WebPage","@id":"https:\/\/aemoda.com\/en\/auditores-jaen\/","url":"https:\/\/aemoda.com\/en\/auditores-jaen\/","name":"AUDITORES JA\u00c9N - AEMODA","isPartOf":{"@id":"https:\/\/aemoda.com\/en\/#website"},"datePublished":"2023-05-01T19:24:23+00:00","dateModified":"2023-12-18T09:51:33+00:00","breadcrumb":{"@id":"https:\/\/aemoda.com\/en\/auditores-jaen\/#breadcrumb"},"inLanguage":"en-US","potentialAction":[{"@type":"ReadAction","target":["https:\/\/aemoda.com\/en\/auditores-jaen\/"]}]},{"@type":"BreadcrumbList","@id":"https:\/\/aemoda.com\/en\/auditores-jaen\/#breadcrumb","itemListElement":[{"@type":"ListItem","position":1,"name":"Portada","item":"https:\/\/aemoda.com\/en\/home\/"},{"@type":"ListItem","position":2,"name":"AUDITORES JA\u00c9N"}]},{"@type":"WebSite","@id":"https:\/\/aemoda.com\/en\/#website","url":"https:\/\/aemoda.com\/en\/","name":"AEMODA","description":"Asociaci\u00f3n Espa\u00f1ola de Maestros y Operarios de Almazara","publisher":{"@id":"https:\/\/aemoda.com\/en\/#organization"},"alternateName":"Asociaci\u00f3n Espa\u00f1ola de Maestros y Operarios de Almazara","potentialAction":[{"@type":"SearchAction","target":{"@type":"EntryPoint","urlTemplate":"https:\/\/aemoda.com\/en\/?s={search_term_string}"},"query-input":"required name=search_term_string"}],"inLanguage":"en-US"},{"@type":"Organization","@id":"https:\/\/aemoda.com\/en\/#organization","name":"AEMODA, Asociaci\u00f3n Espa\u00f1ola de Maestros y Operarios de Almazara","alternateName":"Asociaci\u00f3n Espa\u00f1ola de Maestros y Operarios de Almazara","url":"https:\/\/aemoda.com\/en\/","logo":{"@type":"ImageObject","inLanguage":"en-US","@id":"https:\/\/aemoda.com\/en\/#\/schema\/logo\/image\/","url":"https:\/\/aemoda.com\/wp-content\/uploads\/2023\/04\/logo_3-removebg-preview.png","contentUrl":"https:\/\/aemoda.com\/wp-content\/uploads\/2023\/04\/logo_3-removebg-preview.png","width":816,"height":306,"caption":"AEMODA, Asociaci\u00f3n Espa\u00f1ola de Maestros y Operarios de Almazara"},"image":{"@id":"https:\/\/aemoda.com\/en\/#\/schema\/logo\/image\/"},"sameAs":["https:\/\/www.facebook.com\/profile.php?id=100055135007306"]}]}},"_links":{"self":[{"href":"https:\/\/aemoda.com\/en\/wp-json\/wp\/v2\/pages\/1637","targetHints":{"allow":["GET"]}}],"collection":[{"href":"https:\/\/aemoda.com\/en\/wp-json\/wp\/v2\/pages"}],"about":[{"href":"https:\/\/aemoda.com\/en\/wp-json\/wp\/v2\/types\/page"}],"author":[{"embeddable":true,"href":"https:\/\/aemoda.com\/en\/wp-json\/wp\/v2\/users\/1"}],"replies":[{"embeddable":true,"href":"https:\/\/aemoda.com\/en\/wp-json\/wp\/v2\/comments?post=1637"}],"version-history":[{"count":6,"href":"https:\/\/aemoda.com\/en\/wp-json\/wp\/v2\/pages\/1637\/revisions"}],"predecessor-version":[{"id":3122,"href":"https:\/\/aemoda.com\/en\/wp-json\/wp\/v2\/pages\/1637\/revisions\/3122"}],"wp:attachment":[{"href":"https:\/\/aemoda.com\/en\/wp-json\/wp\/v2\/media?parent=1637"}],"curies":[{"name":"wp","href":"https:\/\/api.w.org\/{rel}","templated":true}]}}